{"version":"1.0","type":"rich","width":"560px","height":"140px","title":"Podwichteln - Begr\u00fc\u00dfung & Adventskalender\r\nMani und Duisi erkl\u00e4ren, warum sie sich heute so anders anh\u00f6ren, welche Adventskalender in ihrer Kindheit so der heisse Sch... waren und was sie heute an Adventskalendern f\u00fcr sich und die Kids noch so am Start haben\r\n\r\nSameln, Modellbau- und Bahnen, LEGO...\r\n...und wie sich damit spielend eine Menge Zeit & Geld verplempern l\u00e4\u00dft :-)\r\n\r\nSpielen im Job\r\nEin paar Anregungen f\u00fcr Euch, um mit gutem Gewissen allerhand Spielzeug f\u00fcr die Arbeit anzuschaffen, und ein kurzer Ausflug in die Kommunikationswissenschaft.\r\n\r\nNerd-Kram\r\n\u00dcber Computerspiele, Programmieren lernen und den Arduino.\r\n\r\nPodcast-Tipps\r\nWir entschuldigen uns kurz f\u00fcr den ausufernden Geek-Talk und wechseln fix zum Thema \"Podcast-Neuentdeckungen\", ehe wir \u00fcbergehen zur...\r\n\r\nTagespolitik\r\nWir kapieren das Ausufern der Gelbwesten-Proteste in Frankreich nicht (Anm.: Zum Zeitpunkt der Aufnahme, am 4.12., hatte es erst erste Ausschreitungen gegeben, die Entwicklungen danach hatten wir daher noch nicht komplett auf dem Schirm), und die in Deutschland noch weniger, au\u00dferdem fordern wir mehr Leidenschaft in der Politik & Youtube-taugliche Bundestagsreden!\r\n\r\nWarten aufs Christkind\r\n\"Jetzt machen wir es uns gem\u00fctlich\" - wir reden \u00fcber Geschenke-Kauf-Chaos, Weihnachtsrituale, Krippenspiele und outen uns als \"Kirchen-Nerds\".\r\n\r\nWerbung in eigener Sache\r\nFolget den Sternen und vergebet fleissig ebensolche auf iTunes!\r\n\r\nFeedback:\r\nMail: info@erstmal-kaffee.de\r\nInternetseite: https:\/\/erstmal-kaffee.de\/kontakt\r\n\r\nFolge uns auf:\r\nFacebook: https:\/\/www.facebook.com\/ErstmalKaffeeDE\r\nTwitter: https:\/\/twitter.com\/erstmalpodcast","url":"https:\/\/erstmal-kaffee.de\/podwichteln2018\/","author_name":"Erstmal Kaffee","author_url":"https:\/\/erstmal-kaffee.de","thumbnail_url":"https:\/\/erstmal-kaffee.de\/wp-content\/uploads\/2023\/08\/20230809-EK-Logo-Podcast-3000x3000-2.png","html":"<iframe width=\"560px\" height=\"140px\" src=\"https:\/\/erstmal-kaffee.de\/podwichteln2018\/?standalonePlayer\"><\/iframe>"}